{"id":3,"date":"2020-11-07T11:52:19","date_gmt":"2020-11-07T11:52:19","guid":{"rendered":"https:\/\/knik.frifugl.no\/?page_id=3"},"modified":"2025-03-03T13:02:11","modified_gmt":"2025-03-03T13:02:11","slug":"personvern","status":"publish","type":"page","link":"https:\/\/fda.no\/is\/personvern\/","title":{"rendered":"Pers\u00f3nuvernd"},"content":{"rendered":"<h1 class=\"gb-headline gb-headline-5f0743ca gb-headline-text\">Finnsnes Dykk &amp; Anleggservice AS<\/h1>\n\n\n\n<h2 class=\"wp-block-heading\">Hver vi\u00f0 erum<\/h2>\n\n\n\n<p>Finnsnes Dykk &amp; Anleggservice AS &#8211; org.nummer 920 697 429<\/p>\n\n\n\n<p>Heimilisfang vefs\u00ed\u00f0u okkar er: http:\/\/fda.no.<\/p>\n\n\n\n<h2 class=\"wp-block-heading\">Hva\u00f0a pers\u00f3nuuppl\u00fdsingum vi\u00f0 s\u00f6fnum og hvers vegna vi\u00f0 s\u00f6fnum \u00feeim<\/h2>\n\n\n\n<h3 class=\"wp-block-heading\">Athugasemdir<\/h3>\n\n\n\n<p>\u00deegar gestur skilur eftir athugasemd eru \u00f6ll g\u00f6gn sem send eru \u00ed gegnum athugasemdareitformi\u00f0 vistu\u00f0. Uppl\u00fdsingar um IP t\u00f6lu gesta og vafra eru einnig fengnar, sem r\u00e1\u00f0st\u00f6fun til a\u00f0 takmarka ruslp\u00f3st \/ ruslp\u00f3st<\/p>\n\n\n\n<p>Nafnlaus textastrengur er b\u00fainn til \u00far netfanginu \u00fe\u00ednu til a\u00f0 au\u00f0kenna \u00feig (einnig kalla\u00f0 kj\u00f6tk\u00e1ssa) og h\u00e6gt er a\u00f0 senda hann til Gravatar til a\u00f0 athuga hvort \u00fe\u00fa s\u00e9rt me\u00f0 reikning \u00fear. \u00de\u00fa getur lesi\u00f0 pers\u00f3nuverndaryfirl\u00fdsingu Gravatar h\u00e9r: https:\/\/automattic.com\/privacy\/<\/p>\n\n\n\n<p>\u00deegar athugasemd er sam\u00feykkt mun pr\u00f3f\u00edlmyndin \u00fe\u00edn birtast \u00e1samt athugasemdinni \u00feinni.<\/p>\n\n\n\n<h3 class=\"wp-block-heading\">Fj\u00f6lmi\u00f0lar<\/h3>\n\n\n\n<p>Ef \u00fe\u00fa ert a\u00f0 hla\u00f0a mynd inn \u00e1 s\u00ed\u00f0una skaltu for\u00f0ast myndir sem innihalda uppl\u00fdsingar um sta\u00f0inn sem h\u00fan var tekin (EXIF GPS). H\u00e6gt er a\u00f0 hla\u00f0a ni\u00f0ur sl\u00edkum myndum og n\u00e1 sta\u00f0setningarg\u00f6gnum \u00far myndinni<\/p>\n\n\n\n<h3 class=\"wp-block-heading\">Haf\u00f0u samband<\/h3>\n\n\n\n<p>Samskiptaey\u00f0ubl\u00f6\u00f0in okkar eru til sta\u00f0ar fyrir gesti til a\u00f0 senda okkur spurningar e\u00f0a athugasemdir. Ef \u00fe\u00fa notar eitt af \u00feessum ey\u00f0ubl\u00f6\u00f0um munum vi\u00f0 f\u00e1 uppl\u00fdsingarnar sendar \u00ed t\u00f6lvup\u00f3sti. Afrit af skilabo\u00f0um \u00fe\u00ednum ver\u00f0ur geymt \u00ed kerfum okkar \u00ed takmarka\u00f0an t\u00edma til vi\u00f0mi\u00f0unar og \u00f6ryggissko\u00f0unar.<\/p>\n\n\n\n<h3 class=\"wp-block-heading\">K\u00f6kur<\/h3>\n\n\n\n<p>Ef \u00fe\u00fa setur inn athugasemd \u00e1 vefs\u00ed\u00f0u okkar getur\u00f0u vali\u00f0 a\u00f0 vista nafn \u00feitt, netfang og vefs\u00ed\u00f0u \u00ed vafrak\u00f6kum. \u00deetta er til einf\u00f6ldunar, svo \u00fe\u00fa \u00fearft ekki a\u00f0 fylla \u00fat uppl\u00fdsingarnar \u00fe\u00ednar aftur \u00feegar \u00fe\u00fa skilur eftir athugasemd. \u00deessar k\u00f6kur endast \u00ed eitt \u00e1r.<\/p>\n\n\n\n<p>Ef \u00fe\u00fa ert me\u00f0 reikning og \u00fe\u00fa skr\u00e1ir \u00feig inn \u00e1 \u00feessa s\u00ed\u00f0u, ver\u00f0ur t\u00edmabundi\u00f0 vafrakaka b\u00fai\u00f0 til til a\u00f0 \u00e1kvar\u00f0a hvort vafrinn \u00feinn sam\u00feykkir vafrak\u00f6kur e\u00f0a ekki. \u00deessi vafrakaka inniheldur engin pers\u00f3nuleg g\u00f6gn og er hent \u00feegar \u00fe\u00fa lokar vafranum \u00fe\u00ednum.<\/p>\n\n\n\n<h3 class=\"wp-block-heading\">Innfellt efni fr\u00e1 \u00f6\u00f0rum s\u00ed\u00f0um<\/h3>\n\n\n\n<p>Greinar \u00e1 \u00feessari s\u00ed\u00f0u geta innihaldi\u00f0 innfellt efni (svo sem myndb\u00f6nd, myndir, greinar osfrv.). Innfellt efni fr\u00e1 \u00f6\u00f0rum s\u00ed\u00f0um heg\u00f0ar s\u00e9r \u00e1 sama h\u00e1tt og ef gesturinn heims\u00f3tti hina s\u00ed\u00f0una.<\/p>\n\n\n\n<p>\u00deessar s\u00ed\u00f0ur g\u00e6tu safna\u00f0 g\u00f6gnum um \u00feig, nota\u00f0 vafrak\u00f6kur, b\u00e6tt vi\u00f0 vi\u00f0b\u00f3tarrakningu fr\u00e1 \u00feri\u00f0ja a\u00f0ila og fylgst me\u00f0 samskiptum \u00fe\u00ednum vi\u00f0 innfellda efni\u00f0, \u00fear me\u00f0 tali\u00f0 a\u00f0 fylgjast me\u00f0 samskiptum \u00fe\u00ednum vi\u00f0 innfellda efni\u00f0, ef \u00fe\u00fa ert me\u00f0 reikning og ert skr\u00e1\u00f0ur inn \u00e1 vefsv\u00e6\u00f0i \u00feri\u00f0ja a\u00f0ilans. .<\/p>\n\n\n\n<p>Me\u00f0 vi\u00f0b\u00f3tareiginleikum \u00ed WordPress er h\u00e6gt a\u00f0 safna \u00f6\u00f0rum g\u00f6gnum. \u00dea\u00f0 mikilv\u00e6gasta h\u00e9r eru h\u00e1\u00fer\u00f3a\u00f0ar augl\u00fdsingar sem byggja \u00e1 ESB, Google AdSense og Google Analytics.<\/p>\n\n\n\n<p>Vi\u00f0 erum n\u00fa tengd vi\u00f0:<\/p>\n\n\n\n<ul class=\"wp-block-list\">\n<li class=\"translation-block\">Google Analytics (<a rel=\"noreferrer noopener\" href=\"https:\/\/www.google.com\/analytics\/terms\/us.html\" target=\"_blank\"> Pers\u00f3nuverndaryfirl\u00fdsing Google Analytics <\/a>)<\/li>\n\n\n\n<li>Facebook<\/li>\n<\/ul>\n\n\n\n<h3 class=\"wp-block-heading\">Greining<\/h3>\n\n\n\n<h2 class=\"wp-block-heading\">Me\u00f0 hverjum vi\u00f0 deilum uppl\u00fdsingum \u00fe\u00ednum<\/h2>\n\n\n\n<p>Nema s\u00e9rstaklega s\u00e9 sami\u00f0 vi\u00f0 notandann munum vi\u00f0 ekki deila skr\u00e1\u00f0um uppl\u00fdsingum \u00fe\u00ednum me\u00f0 \u00feri\u00f0ja a\u00f0ila og \u00fe\u00e6r eru a\u00f0eins \u00ed bo\u00f0i fyrir notendur me\u00f0 heimild sem stj\u00f3rnandi s\u00ed\u00f0unnar.<\/p>\n\n\n\n<p>S\u00ed\u00f0urnar okkar eru dulk\u00f3\u00f0a\u00f0ar. Dulk\u00f3\u00f0un er st\u00e6r\u00f0fr\u00e6\u00f0ileg a\u00f0fer\u00f0 sem tryggir tr\u00fana\u00f0 \u00fear sem uppl\u00fdsingar milli \u00fe\u00edn og vefs\u00ed\u00f0unnar geta ekki lesi\u00f0 af \u00f3vi\u00f0komandi.<\/p>\n\n\n\n<p>H\u00e6gt er a\u00f0 athuga athugasemdir gesta \u00ed gegnum sj\u00e1lfvirka rusluppg\u00f6tvunar\u00fej\u00f3nustu.<\/p>\n\n\n\n<h2 class=\"wp-block-heading\">Hversu lengi vi\u00f0 geymum uppl\u00fdsingar um \u00feig<\/h2>\n\n\n\n<p>Ef \u00fe\u00fa skilur eftir athugasemd ver\u00f0ur athugasemdin og l\u00fdsig\u00f6gn hennar var\u00f0veitt um \u00f3\u00e1kve\u00f0inn t\u00edma. \u00deetta er til \u00feess a\u00f0 vi\u00f0 getum \u00feekkt og sam\u00feykkt allar eftirfylgni athugasemdir sj\u00e1lfkrafa \u00ed sta\u00f0 \u00feess a\u00f0 halda \u00feeim \u00ed stj\u00f3rnanda bi\u00f0r\u00f6\u00f0.<\/p>\n\n\n\n<p>Fyrir notendur sem skr\u00e1 sig \u00e1 vefs\u00ed\u00f0u okkar geymum vi\u00f0 einnig pers\u00f3nuuppl\u00fdsingarnar sem gefnar eru upp \u00e1 notendapr\u00f3f\u00edlnum. Allir notendur geta sko\u00f0a\u00f0, breytt e\u00f0a eytt pers\u00f3nulegum uppl\u00fdsingum s\u00ednum hven\u00e6r sem er (nema a\u00f0 \u00feeir geta ekki breytt notendanafni s\u00ednu). Stj\u00f3rnendur vefs\u00ed\u00f0na geta einnig sko\u00f0a\u00f0 og breytt \u00feessum uppl\u00fdsingum.<\/p>\n\n\n\n<h2 class=\"wp-block-heading\">R\u00e9ttindi \u00fe\u00edn var\u00f0andi uppl\u00fdsingar sem vi\u00f0 h\u00f6fum um \u00feig<\/h2>\n\n\n\n<p>Ef \u00fe\u00fa ert me\u00f0 reikning \u00e1 \u00feessari s\u00ed\u00f0u, e\u00f0a hefur skili\u00f0 eftir athugasemd, g\u00e6tir\u00f0u be\u00f0i\u00f0 um a\u00f0 f\u00e1 \u00fatflutt skr\u00e1 yfir pers\u00f3nuuppl\u00fdsingarnar sem vi\u00f0 h\u00f6fum geymt um \u00feig, \u00fear \u00e1 me\u00f0al g\u00f6gn sem \u00fe\u00fa hefur l\u00e1ti\u00f0 okkur \u00ed t\u00e9. \u00de\u00fa getur l\u00edka be\u00f0i\u00f0 um a\u00f0 vi\u00f0 ey\u00f0i pers\u00f3nuuppl\u00fdsingum sem vi\u00f0 h\u00f6fum geymt um \u00feig.<\/p>\n\n\n\n<p>\u00deetta felur ekki \u00ed s\u00e9r g\u00f6gn sem okkur er skylt a\u00f0 geyma \u00ed stj\u00f3rnunarlegum, lagalegum e\u00f0a \u00f6ryggislegum tilgangi.<\/p>\n\n\n\n<h2 class=\"wp-block-heading\">Hvert sendum vi\u00f0 uppl\u00fdsingarnar \u00fe\u00ednar<\/h2>\n\n\n\n<p>H\u00e6gt er a\u00f0 athuga athugasemdir gesta \u00ed gegnum sj\u00e1lfvirka rusluppg\u00f6tvunar\u00fej\u00f3nustu.<\/p>\n\n\n\n<h2 class=\"wp-block-heading\">Samskiptauppl\u00fdsingar okkar<\/h2>\n\n\n\n<figure class=\"wp-block-table\"><table><tbody><tr><td>Heimilisfang<\/td><td>Finnsnes Dykk &amp; Anleggservice AS <br>daglig leder<br>Strandveien 112, 9300 Finnsnes<\/td><\/tr><tr><td>T\u00f6lvup\u00f3stur<\/td><td><a href=\"mailto:adm@fda.no\">adm@ fda.no<\/a><\/td><\/tr><\/tbody><\/table><\/figure>\n\n\n\n<h2 class=\"wp-block-heading\">Vi\u00f0b\u00f3taruppl\u00fdsingar<\/h2>\n\n\n\n<h3 class=\"wp-block-heading\">Hvernig vi\u00f0 verndum pers\u00f3nuuppl\u00fdsingar \u00fe\u00ednar<\/h3>\n\n\n\n<p>Vi\u00f0 notum g\u00e6\u00f0atrygg\u00f0a samstarfsa\u00f0ila vi\u00f0 grei\u00f0slur og gagnavinnslu og treystum \u00fev\u00ed a\u00f0 samstarfsa\u00f0ilar okkar tryggi g\u00f6gn me\u00f0 reglubundnum h\u00e6tti. Innsendar uppl\u00fdsingar \u00fe\u00ednar ver\u00f0a hvergi birtar og a\u00f0eins a\u00f0gengilegar spilurum sem tengjast rekstri vefs\u00ed\u00f0na FDAs. Vi\u00f0 vinnum ekki \u201evi\u00f0kv\u00e6mar\u201c uppl\u00fdsingar og geymum ekki uppl\u00fdsingar um kreditkorti\u00f0 \u00feitt, \u00ed versta falli mun einhver geta s\u00e9\u00f0 nafni\u00f0 \u00feitt og heimilisfang, netfangi\u00f0 \u00feitt, hva\u00f0a p\u00f6ntunarferil sem er e\u00f0a efni sent \u00e1 tengili\u00f0aey\u00f0ubl\u00f6\u00f0unum. Vi\u00f0 tryggjum pers\u00f3nuuppl\u00fdsingar \u00fe\u00ednar me\u00f0 b\u00e6\u00f0i l\u00edkamlegum og s\u00fdndara\u00f0gangi og a\u00f0gangsst\u00fdringu, sem og me\u00f0 \u00fev\u00ed a\u00f0 dulk\u00f3\u00f0a vi\u00f0kv\u00e6ma hluta innsendra uppl\u00fdsinga.<\/p>\n\n\n\n<h3 class=\"wp-block-heading\">Venjur okkar fyrir gagnaleka<\/h3>\n\n\n\n<p>Allar pers\u00f3nuuppl\u00fdsingar sem safna\u00f0 er \u00e1 vefs\u00ed\u00f0unni, s.s send snertingarey\u00f0ubl\u00f6\u00f0, v\u00f6ru- e\u00f0a vi\u00f0bur\u00f0abei\u00f0nir, eru geymdar \u00e1 \u00fej\u00f3ninum \u00ed nokkra daga \u00e1\u00f0ur en \u00feeim er eytt. G\u00f6gn sem tengjast v\u00f6rukaupum er h\u00e6gt a\u00f0 geyma \u00ed lengri t\u00edma \u00ed tengslum vi\u00f0 p\u00f6ntunars\u00f6gu en eru einungis a\u00f0gengileg stj\u00f3rnendum vefsins.<\/p>\n\n\n\n<h3 class=\"wp-block-heading\">Hva\u00f0a \u00feri\u00f0ju a\u00f0ilum vi\u00f0 f\u00e1um uppl\u00fdsingar fr\u00e1<\/h3>\n\n\n\n<p>Nei.<\/p>\n\n\n\n<h3 class=\"wp-block-heading\">Hva\u00f0a sj\u00e1lfvirkar \u00e1kvar\u00f0anir eru teknar og\/e\u00f0a hvers konar sni\u00f0 eru bygg\u00f0 \u00e1 grundvelli uppl\u00fdsinga notenda.<\/h3>\n\n\n\n<p>Nei.<\/p>\n\n\n\n<h3 class=\"wp-block-heading\">Uppl\u00fdsingaskyldur \u00far i\u00f0na\u00f0arl\u00f6ggj\u00f6f<\/h3>\n\n\n\n<p>Nei.<\/p>","protected":false},"excerpt":{"rendered":"<p>Finnsnes Dykk &amp; Anleggservice AS Hvem vi er Finnsnes Dykk &amp; Anleggservice AS &#8211; org.nummer 920 697 429 V\u00e5r nettstedadresse er: http:\/\/fda.no. Hvilke personopplysninger vi samler inn og hvorfor vi samler de inn Kommentarer N\u00e5r en bes\u00f8kende legger igjen en kommentar, lagres alle data som sendes inn via kommentarfelt-skjemaet. Informasjon om den bes\u00f8kendes IP-adresse og &#8230; <a title=\"Pers\u00f3nuvernd\" class=\"read-more\" href=\"https:\/\/fda.no\/is\/personvern\/\" aria-label=\"Read more about Personvern\">Read more<\/a><\/p>","protected":false},"author":1,"featured_media":0,"parent":0,"menu_order":0,"comment_status":"closed","ping_status":"closed","template":"","meta":{"inline_featured_image":false,"_monsterinsights_skip_tracking":false,"_monsterinsights_sitenote_active":false,"_monsterinsights_sitenote_note":"","_monsterinsights_sitenote_category":0,"footnotes":""},"class_list":["post-3","page","type-page","status-publish"],"aioseo_notices":[],"_links":{"self":[{"href":"https:\/\/fda.no\/is\/wp-json\/wp\/v2\/pages\/3","targetHints":{"allow":["GET"]}}],"collection":[{"href":"https:\/\/fda.no\/is\/wp-json\/wp\/v2\/pages"}],"about":[{"href":"https:\/\/fda.no\/is\/wp-json\/wp\/v2\/types\/page"}],"author":[{"embeddable":true,"href":"https:\/\/fda.no\/is\/wp-json\/wp\/v2\/users\/1"}],"replies":[{"embeddable":true,"href":"https:\/\/fda.no\/is\/wp-json\/wp\/v2\/comments?post=3"}],"version-history":[{"count":10,"href":"https:\/\/fda.no\/is\/wp-json\/wp\/v2\/pages\/3\/revisions"}],"predecessor-version":[{"id":4967,"href":"https:\/\/fda.no\/is\/wp-json\/wp\/v2\/pages\/3\/revisions\/4967"}],"wp:attachment":[{"href":"https:\/\/fda.no\/is\/wp-json\/wp\/v2\/media?parent=3"}],"curies":[{"name":"wp","href":"https:\/\/api.w.org\/{rel}","templated":true}]}}